{"id":253,"date":"2020-10-03T19:30:02","date_gmt":"2020-10-03T17:30:02","guid":{"rendered":"http:\/\/psychomotive.be\/WP\/?page_id=253"},"modified":"2026-03-06T23:47:43","modified_gmt":"2026-03-06T22:47:43","slug":"eliane-desmidt","status":"publish","type":"page","link":"https:\/\/psychomotive.be\/WP\/qui-sommes-nous\/eliane-desmidt\/","title":{"rendered":"Eliane Desmidt"},"content":{"rendered":"\t\t<div data-elementor-type=\"wp-page\" data-elementor-id=\"253\" class=\"elementor elementor-253\">\n\t\t\t\t\t\t<div class=\"elementor-inner\">\n\t\t\t\t<div class=\"elementor-section-wrap\">\n\t\t\t\t\t\t\t\t\t<section class=\"elementor-section elementor-top-section elementor-element elementor-element-1bf67f3 elementor-section-boxed elementor-section-height-default elementor-section-height-default\" data-id=\"1bf67f3\" data-element_type=\"section\">\n\t\t\t\t\t\t<div class=\"elementor-container elementor-column-gap-default\">\n\t\t\t\t\t\t\t<div class=\"elementor-row\">\n\t\t\t\t\t<div class=\"elementor-column elementor-col-50 elementor-top-column elementor-element elementor-element-b834c17\" data-id=\"b834c17\" data-element_type=\"column\">\n\t\t\t<div class=\"elementor-column-wrap elementor-element-populated\">\n\t\t\t\t\t\t\t<div class=\"elementor-widget-wrap\">\n\t\t\t\t\t\t<div class=\"elementor-element elementor-element-0104c3e elementor-widget elementor-widget-image\" data-id=\"0104c3e\" data-element_type=\"widget\" data-widget_type=\"image.default\">\n\t\t\t\t<div class=\"elementor-widget-container\">\n\t\t\t\t\t\t\t\t<div class=\"elementor-image\">\n\t\t\t\t\t\t\t\t\t\t\t\t<img loading=\"lazy\" decoding=\"async\" width=\"150\" height=\"150\" src=\"https:\/\/psychomotive.be\/WP\/wp-content\/uploads\/2020\/10\/Eliane-150x150.jpg\" class=\"attachment-thumbnail size-thumbnail wp-image-239\" alt=\"\" srcset=\"https:\/\/psychomotive.be\/WP\/wp-content\/uploads\/2020\/10\/Eliane-150x150.jpg 150w, https:\/\/psychomotive.be\/WP\/wp-content\/uploads\/2020\/10\/Eliane-300x300.jpg 300w, https:\/\/psychomotive.be\/WP\/wp-content\/uploads\/2020\/10\/Eliane-1024x1024.jpg 1024w, https:\/\/psychomotive.be\/WP\/wp-content\/uploads\/2020\/10\/Eliane-768x768.jpg 768w, https:\/\/psychomotive.be\/WP\/wp-content\/uploads\/2020\/10\/Eliane-1536x1536.jpg 1536w, https:\/\/psychomotive.be\/WP\/wp-content\/uploads\/2020\/10\/Eliane-2048x2048.jpg 2048w\" sizes=\"auto, (max-width: 150px) 100vw, 150px\" \/>\t\t\t\t\t\t\t\t\t\t\t\t\t\t<\/div>\n\t\t\t\t\t\t<\/div>\n\t\t\t\t<\/div>\n\t\t\t\t\t\t<\/div>\n\t\t\t\t\t<\/div>\n\t\t<\/div>\n\t\t\t\t<div class=\"elementor-column elementor-col-50 elementor-top-column elementor-element elementor-element-c6b71c3\" data-id=\"c6b71c3\" data-element_type=\"column\">\n\t\t\t<div class=\"elementor-column-wrap elementor-element-populated\">\n\t\t\t\t\t\t\t<div class=\"elementor-widget-wrap\">\n\t\t\t\t\t\t<div class=\"elementor-element elementor-element-8656458 elementor-widget elementor-widget-image\" data-id=\"8656458\" data-element_type=\"widget\" data-widget_type=\"image.default\">\n\t\t\t\t<div class=\"elementor-widget-container\">\n\t\t\t\t\t\t\t\t<div class=\"elementor-image\">\n\t\t\t\t\t\t\t\t\t\t\t\t<img decoding=\"async\" src=\"https:\/\/psychomotive.be\/WP\/wp-content\/uploads\/2024\/02\/Logo-Eliane-Colibri.png\" title=\"Logo Eliane Colibri\" alt=\"Logo Eliane Colibri\" \/>\t\t\t\t\t\t\t\t\t\t\t\t\t\t<\/div>\n\t\t\t\t\t\t<\/div>\n\t\t\t\t<\/div>\n\t\t\t\t\t\t<\/div>\n\t\t\t\t\t<\/div>\n\t\t<\/div>\n\t\t\t\t\t\t\t\t<\/div>\n\t\t\t\t\t<\/div>\n\t\t<\/section>\n\t\t\t\t<section class=\"elementor-section elementor-top-section elementor-element elementor-element-73ebe213 elementor-section-boxed elementor-section-height-default elementor-section-height-default\" data-id=\"73ebe213\" data-element_type=\"section\">\n\t\t\t\t\t\t<div class=\"elementor-container elementor-column-gap-default\">\n\t\t\t\t\t\t\t<div class=\"elementor-row\">\n\t\t\t\t\t<div class=\"elementor-column elementor-col-100 elementor-top-column elementor-element elementor-element-6f95ea6b\" data-id=\"6f95ea6b\" data-element_type=\"column\">\n\t\t\t<div class=\"elementor-column-wrap elementor-element-populated\">\n\t\t\t\t\t\t\t<div class=\"elementor-widget-wrap\">\n\t\t\t\t\t\t<div class=\"elementor-element elementor-element-427cef3a elementor-widget elementor-widget-text-editor\" data-id=\"427cef3a\" data-element_type=\"widget\" data-widget_type=\"text-editor.default\">\n\t\t\t\t<div class=\"elementor-widget-container\">\n\t\t\t\t\t\t\t\t<div class=\"elementor-text-editor elementor-clearfix\">\n\t\t\t\t<p><br><\/p>\n<h2 style=\"text-align: center;\"><span style=\"color: #5f0736;\"><strong>Eliane Desmidt<\/strong><\/span><\/h2>\n<p style=\"background: white; margin: 4.5pt 0cm; text-align: center;\"><i><span lang=\"FR-BE\" style=\"font-size: 10.5pt; font-family: 'Helvetica',sans-serif; color: #1d2129;\">\u00ab&nbsp;L\u2019intelligence ce n&rsquo;est pas ce que l\u2019on sait, mais ce que l\u2019on fait quand on ne sait pas.<\/span>&nbsp;\u00bb<\/i><\/p>\n<p style=\"background: white; margin: 4.5pt 0cm; text-align: center;\"><i><span lang=\"FR-BE\" style=\"font-size: 10.5pt; font-family: 'Helvetica',sans-serif; color: #1d2129;\">&nbsp; &nbsp; &nbsp; &nbsp; &nbsp; &nbsp; &nbsp; &nbsp; &nbsp; &nbsp; &nbsp; &nbsp; &nbsp; &nbsp; &nbsp; &nbsp; &nbsp; &nbsp; &nbsp; &nbsp; &nbsp; &nbsp; &nbsp; &nbsp; &nbsp; &nbsp; &nbsp; &nbsp; &nbsp; &nbsp; &nbsp; &nbsp; &nbsp; &nbsp; &nbsp; &nbsp; &nbsp; &nbsp; &nbsp; &nbsp; &nbsp; &nbsp; &nbsp; &nbsp; &nbsp; &nbsp; &nbsp; &nbsp; &nbsp; &nbsp; &nbsp; &nbsp; &nbsp; &nbsp; &nbsp; &nbsp; &nbsp; &nbsp; &nbsp; &nbsp; &nbsp; &nbsp; &nbsp; &nbsp; &nbsp; &nbsp; &nbsp; &nbsp; &nbsp; &nbsp; &nbsp; &nbsp; &nbsp;Jean Piaget<\/span><\/i><\/p>\n<p style=\"background: white; margin: 4.5pt 0cm; text-align: center;\"><i><span lang=\"FR-BE\" style=\"font-size: 10.5pt; font-family: 'Helvetica',sans-serif; color: #1d2129;\">\u00ab Le corps n&rsquo;est pas un objet \u00e0 manipuler, \u00e0 redresser ou dresser, <\/span><\/i><\/p>\n<p style=\"background: white; margin: 4.5pt 0cm; text-align: center;\"><i><span lang=\"FR-BE\" style=\"font-size: 10.5pt; font-family: 'Helvetica',sans-serif; color: #1d2129;\">mais un espace \u00e0 investir pour qu&rsquo;il cesse d&rsquo;\u00eatre synonyme de souffrance et de limitation.<\/span>\u00bb<\/i><\/p>\n<p style=\"background: white; margin: 4.5pt 0cm; text-align: center;\"><i><span lang=\"FR-BE\" style=\"font-size: 10.5pt; font-family: 'Helvetica',sans-serif; color: #1d2129;\">&nbsp; &nbsp; &nbsp; &nbsp; &nbsp; &nbsp; &nbsp; &nbsp; &nbsp; &nbsp; &nbsp; &nbsp; &nbsp; &nbsp; &nbsp; &nbsp; &nbsp; &nbsp; &nbsp; &nbsp; &nbsp; &nbsp; &nbsp; &nbsp; &nbsp; &nbsp; &nbsp; &nbsp; &nbsp; &nbsp; &nbsp; &nbsp; &nbsp; &nbsp; &nbsp; &nbsp; &nbsp; &nbsp; &nbsp; &nbsp; &nbsp; &nbsp; &nbsp; &nbsp; &nbsp; &nbsp; &nbsp; &nbsp; &nbsp; &nbsp; &nbsp; &nbsp; &nbsp; &nbsp; &nbsp; &nbsp; &nbsp; &nbsp; &nbsp; &nbsp; &nbsp; &nbsp; &nbsp; &nbsp; &nbsp; &nbsp; &nbsp; &nbsp; &nbsp; &nbsp; &nbsp; &nbsp; &nbsp; &nbsp; &nbsp;Benoit Lesage<\/span><\/i><\/p>\n<p style=\"background: white; margin: 4.5pt 0cm; text-align: center;\"><i><span lang=\"FR-BE\" style=\"font-size: 10.5pt; font-family: 'Helvetica',sans-serif; color: #1d2129;\"><br><\/span><\/i><\/p>\n<p style=\"background: white; margin: 4.5pt 0cm; text-align: center;\"><i><span lang=\"FR-BE\" style=\"font-size: 10.5pt; font-family: 'Helvetica',sans-serif; color: #1d2129;\">\u00ab\u00a0Mais jamais mon \u00eatre n&rsquo;est abouti, jamais il n&rsquo;est \u00e9puis\u00e9 par mes choix et mes renoncements. Il est toujours \u00e0 devenir\u00a0\u00bb<\/span><\/i><\/p>\n<p style=\"background: white; margin: 4.5pt 0cm; text-align: center;\"><i><span lang=\"FR-BE\" style=\"font-size: 10.5pt; font-family: 'Helvetica',sans-serif; color: #1d2129;\">&nbsp; &nbsp; &nbsp; &nbsp; &nbsp; &nbsp; &nbsp; &nbsp; &nbsp; &nbsp; &nbsp; &nbsp; &nbsp; &nbsp; &nbsp; &nbsp; &nbsp; &nbsp; &nbsp; &nbsp; &nbsp; &nbsp; &nbsp; &nbsp; &nbsp; &nbsp; &nbsp; &nbsp; &nbsp; &nbsp; &nbsp; &nbsp; &nbsp; &nbsp; &nbsp; &nbsp; &nbsp; &nbsp; &nbsp; &nbsp; &nbsp; &nbsp; &nbsp; &nbsp; &nbsp; &nbsp; &nbsp; &nbsp; &nbsp; &nbsp; &nbsp; &nbsp; &nbsp; &nbsp; &nbsp; &nbsp; &nbsp; &nbsp; &nbsp; &nbsp; &nbsp; &nbsp; &nbsp; &nbsp; &nbsp; &nbsp; &nbsp; &nbsp; &nbsp; &nbsp; &nbsp; &nbsp; &nbsp; &nbsp; &nbsp; &nbsp; &nbsp;Bernard Robinson<\/span><\/i><\/p>\t\t\t\t\t<\/div>\n\t\t\t\t\t\t<\/div>\n\t\t\t\t<\/div>\n\t\t\t\t\t\t<\/div>\n\t\t\t\t\t<\/div>\n\t\t<\/div>\n\t\t\t\t\t\t\t\t<\/div>\n\t\t\t\t\t<\/div>\n\t\t<\/section>\n\t\t\t\t<section class=\"elementor-section elementor-top-section elementor-element elementor-element-0d13d0b elementor-section-boxed elementor-section-height-default elementor-section-height-default\" data-id=\"0d13d0b\" data-element_type=\"section\">\n\t\t\t\t\t\t<div class=\"elementor-container elementor-column-gap-default\">\n\t\t\t\t\t\t\t<div class=\"elementor-row\">\n\t\t\t\t\t<div class=\"elementor-column elementor-col-100 elementor-top-column elementor-element elementor-element-8c0bff5\" data-id=\"8c0bff5\" data-element_type=\"column\">\n\t\t\t<div class=\"elementor-column-wrap elementor-element-populated\">\n\t\t\t\t\t\t\t<div class=\"elementor-widget-wrap\">\n\t\t\t\t\t\t<div class=\"elementor-element elementor-element-9edb1a3 elementor-widget elementor-widget-text-editor\" data-id=\"9edb1a3\" data-element_type=\"widget\" data-widget_type=\"text-editor.default\">\n\t\t\t\t<div class=\"elementor-widget-container\">\n\t\t\t\t\t\t\t\t<div class=\"elementor-text-editor elementor-clearfix\">\n\t\t\t\t<h6 style=\"text-align: center;\">\u00a0<\/h6><p>Telles des vues \u00e0 travers un kal\u00e9idoscope, mon travail peut prendre <b>diff\u00e9rentes facettes selon les besoins de la personne<\/b>.<\/p><p>A la fois pr\u00e9ventif, diagnostique, interventionnel, ou psychoth\u00e9rapeutique, il se veut\u00a0<b>INTEGRATIF lorsque cela convient.\u00a0 <\/b>Il peut s&rsquo;appuyer notamment sur les th\u00e9ories du d\u00e9veloppement, les th\u00e9ories sociales cognitives, neurod\u00e9veloppementales, cognitivo-comportementales et psychocorporelles.<\/p><p>Mais en toile de fond, c&rsquo;est <b>\u00ab\u00a0l&rsquo;Approche Centr\u00e9e sur la Personne et Exp\u00e9rientielle\u00a0\u00bb <\/b>(ACP), approche profond\u00e9ment humaniste, qui me permet de tisser avec vous, un\u00a0 espace relationnel propice, o\u00f9 l&rsquo;\u00e9coute empathique et la consid\u00e9ration positive inconditionnelle se co-construisent dans la relation et visent \u00e0 am\u00e9liorer le bien-\u00eatre psychologique et le d\u00e9veloppement de chacun.<\/p><p>\u00a0<\/p><p>\u00a0<\/p><center><b>Je propose une intervention adapt\u00e9e \u00e0 chaque personne selon les situations.\u00a0<\/b><\/center><p>\u00a0<\/p><p>Notre premi\u00e8re rencontre permet une \u00e9coute de vos besoins. Votre demande peut \u00eatre clarifi\u00e9e et nous posons le cadre ensemble si vous souhaitez poursuivre.<\/p><p>\u00a0<\/p><p>\u00a0<\/p><center><span style=\"font-weight: bold; color: #2c3145; font-family: Rubik, sans-serif; text-align: -webkit-center;\"><span style=\"font-weight: bolder;\">J&rsquo;accompagne&#8230;<\/span><\/span><\/center><p>\u00a0<\/p><p><span style=\"font-weight: bold; text-align: -webkit-center; font-family: var( --e-global-typography-text-font-family ), Sans-serif;\">\u00a0<\/span><\/p><p><span style=\"font-weight: bold; color: #2c3145; font-family: Rubik, sans-serif; text-align: -webkit-center;\"><span style=\"font-weight: bolder;\">\u00a0<\/span><\/span><\/p><p><span style=\"font-family: var( --e-global-typography-text-font-family ), Sans-serif; text-align: -webkit-center; font-weight: var( --e-global-typography-text-font-weight );\">\u00a0 \u00a0 \u00a0 \u00a0 \u00a0 \u00a0 \u00a0 \u00a0 \u00a0J&rsquo;accompagne les\u00a0<\/span><b style=\"font-family: var( --e-global-typography-text-font-family ), Sans-serif; text-align: -webkit-center;\">jeunes parents avec leur b\u00e9b\u00e9<\/b><span style=\"font-family: var( --e-global-typography-text-font-family ), Sans-serif; text-align: -webkit-center; font-weight: var( --e-global-typography-text-font-weight );\">\u00a0dans les premiers moments qui posent parfois question et o\u00f9 l&rsquo;on n&rsquo;est pas toujours au clair avec ce qu&rsquo;on ressent&#8230; Quand les pleurs sont pr\u00e9sents, trop, trop souvent&#8230; qu&rsquo;on a le sentiment d&rsquo;\u00eatre d\u00e9pass\u00e9 par les \u00e9v\u00e9nements, qu&rsquo;on pense qu&rsquo;on ne va pas y arriver&#8230; Quand il est question de prendre soin de tout cela&#8230; <a href=\"https:\/\/naitreetgrandir.com\/fr\/etape\/0_12_mois\/viefamille\/ik-naitre-grandir-maman-depression-postpartum-babyblue\/\">Baby blues ou d\u00e9pression du post partum (DPP)<\/a>.<\/span><\/p><p><span style=\"font-family: var( --e-global-typography-text-font-family ), Sans-serif; text-align: -webkit-center; font-weight: var( --e-global-typography-text-font-weight );\">\u00a0<\/span><\/p><p><span style=\"font-family: var( --e-global-typography-text-font-family ), Sans-serif; text-align: -webkit-center; font-weight: var( --e-global-typography-text-font-weight );\">\u00a0 \u00a0 \u00a0 \u00a0 \u00a0 \u00a0 \u00a0 \u00a0\u00a0<\/span><span style=\"text-align: -webkit-center;\">J&rsquo;accompagne l<\/span><span style=\"font-family: var( --e-global-typography-text-font-family ), Sans-serif; font-weight: var( --e-global-typography-text-font-weight ); text-align: -webkit-center;\">es <\/span><span style=\"font-family: var( --e-global-typography-text-font-family ), Sans-serif; text-align: -webkit-center;\"><b>parents <\/b><\/span><span style=\"font-family: var( --e-global-typography-text-font-family ), Sans-serif; font-weight: var( --e-global-typography-text-font-weight ); text-align: -webkit-center;\">dans leur\u00a0<\/span><a style=\"background-color: #ffffff;\" href=\"https:\/\/www.yapaka.be\/content\/la-fonction-parentale\" target=\"_blank\" rel=\"noopener\">parentalit\u00e9<\/a><b>, <\/b>concernant<b>\u00a0<\/b><span style=\"font-family: var( --e-global-typography-text-font-family ), Sans-serif; font-weight: var( --e-global-typography-text-font-weight ); text-align: -webkit-center;\">les relations d&rsquo;attachement qui se tissent parfois difficilement, ou se d\u00e9tricotent avec leur enfant, l&rsquo;accordage et la communication au sein de la famille, la fatigue ou l&rsquo;\u00e9puisement du parent, le\u00a0<\/span><a style=\"background-color: #ffffff;\" href=\"https:\/\/www.burnoutparental.com\/le-burnout-parental\" target=\"_blank\" rel=\"noopener\">burn-out parental<\/a><span style=\"font-family: var( --e-global-typography-text-font-family ), Sans-serif; font-weight: var( --e-global-typography-text-font-weight ); text-align: -webkit-center;\">&#8230;<\/span><\/p><p><span style=\"font-family: var( --e-global-typography-text-font-family ), Sans-serif; font-weight: var( --e-global-typography-text-font-weight ); text-align: -webkit-center;\">\u00a0<\/span><\/p><p><span style=\"font-family: var( --e-global-typography-text-font-family ), Sans-serif; font-weight: var( --e-global-typography-text-font-weight ); text-align: -webkit-center;\">\u00a0 \u00a0 \u00a0 \u00a0 \u00a0 \u00a0 \u00a0 \u00a0 \u00a0J&rsquo;accompagne les <\/span><span style=\"font-family: var( --e-global-typography-text-font-family ), Sans-serif; text-align: -webkit-center;\"><b>familles<\/b><\/span><span style=\"font-family: var( --e-global-typography-text-font-family ), Sans-serif; font-weight: var( --e-global-typography-text-font-weight ); text-align: -webkit-center;\"> (parents, enfants et fratries) dans leur d\u00e9sir de trouver un \u00e9quilibre, leur besooin de vivre suffisamment de \u00ab\u00a0libert\u00e9 exp\u00e9rientielle\u00a0\u00bb pour tendre naturellement vers la r\u00e9alisation de leur plein potentiel (\u00ab\u00a0<i>tendance actualisante\u00a0\u00bb<\/i>).<\/span><\/p><p><span style=\"font-family: var( --e-global-typography-text-font-family ), Sans-serif; font-weight: var( --e-global-typography-text-font-weight ); text-align: -webkit-center;\">\u00a0<\/span><\/p><p>J&rsquo;accompagne les <b>personnes<\/b> (parent, enfant ou jeune adolescent) qui se sentent <b>affect\u00e9es par des \u00e9v\u00e9nements traumatiques, un deuil, une perte, des difficult\u00e9s d&rsquo;attachement, ou des difficult\u00e9s dans leur d\u00e9veloppement personnel, identitaire.<\/b><\/p><p><span style=\"font-family: var( --e-global-typography-text-font-family ), Sans-serif; font-weight: var( --e-global-typography-text-font-weight ); text-align: -webkit-center;\">\u00a0<\/span><\/p><p><span style=\"font-family: var( --e-global-typography-text-font-family ), Sans-serif; text-align: -webkit-center;\"><span style=\"font-weight: var( --e-global-typography-text-font-weight );\">\u00a0 \u00a0 \u00a0 \u00a0 \u00a0 \u00a0 \u00a0 \u00a0 J&rsquo;accompagne les <\/span><b>enfants pour qui des questions se posent au niveau de leur d\u00e9veloppement<\/b><span style=\"font-weight: var( --e-global-typography-text-font-weight );\">. <\/span>Dans ces situations, je peux\u00a0<\/span><span style=\"font-family: var( --e-global-typography-text-font-family ), Sans-serif;\">r\u00e9alis<\/span><span style=\"font-family: var( --e-global-typography-text-font-family ), Sans-serif; font-weight: var( --e-global-typography-text-font-weight );\">er des <\/span><b style=\"font-family: var( --e-global-typography-text-font-family ), Sans-serif;\">observations,\u00a0<\/b><span style=\"font-family: var( --e-global-typography-text-font-family ), Sans-serif; font-weight: var( --e-global-typography-text-font-weight );\">du <\/span><b style=\"font-family: var( --e-global-typography-text-font-family ), Sans-serif;\">d\u00e9pistage <\/b><span style=\"font-family: var( --e-global-typography-text-font-family ), Sans-serif; font-weight: var( --e-global-typography-text-font-weight );\">et des <\/span><b style=\"font-family: var( --e-global-typography-text-font-family ), Sans-serif;\">suivis <\/b><span style=\"font-family: var( --e-global-typography-text-font-family ), Sans-serif; font-weight: var( --e-global-typography-text-font-weight );\">individualis\u00e9s.\u00a0\u00a0<\/span><\/p><p><span style=\"font-family: var( --e-global-typography-text-font-family ), Sans-serif; font-weight: var( --e-global-typography-text-font-weight );\">Lorsque la situation l&rsquo;indique, en accord avec la famille, <\/span><span style=\"font-family: var( --e-global-typography-text-font-family ), Sans-serif; font-weight: var( --e-global-typography-text-font-weight );\"><b>j&rsquo;oriente celle-ci vers des intervenants sp\u00e9cialis\u00e9s<\/b><\/span><span style=\"font-family: var( --e-global-typography-text-font-family ), Sans-serif; font-weight: var( --e-global-typography-text-font-weight );\"> du milieu m\u00e9dical et param\u00e9dical pour r\u00e9aliser les bilans qui sont n\u00e9cessaires au suivi de leur enfant.\u00a0\u00a0<\/span><\/p><p><span style=\"font-family: var( --e-global-typography-text-font-family ), Sans-serif; font-weight: var( --e-global-typography-text-font-weight );\">Il s&rsquo;agit\u00a0<\/span><span style=\"font-family: var( --e-global-typography-text-font-family ), Sans-serif; font-weight: var( --e-global-typography-text-font-weight );\">souvent,<\/span><span style=\"font-family: var( --e-global-typography-text-font-family ), Sans-serif; font-weight: var( --e-global-typography-text-font-weight );\">\u00a0<\/span><span style=\"font-family: var( --e-global-typography-text-font-family ), Sans-serif; font-weight: var( --e-global-typography-text-font-weight );\">dans ces situations, d&rsquo;<\/span><span style=\"font-family: var( --e-global-typography-text-font-family ), Sans-serif; font-weight: var( --e-global-typography-text-font-weight );\">enfants en bas \u00e2ge ou d&rsquo;\u00e2ge pr\u00e9scolaire, pr\u00e9sentant des difficult\u00e9s, un retards ou\u00a0<\/span><span style=\"font-family: var( --e-global-typography-text-font-family ), Sans-serif; font-weight: var( --e-global-typography-text-font-weight );\">des troubles de nature diverse : troubles psychomoteurs, \u00e9motionnels, du comportement, des apprentissages\u00a0<\/span><span style=\"font-family: var( --e-global-typography-text-font-family ), Sans-serif; font-weight: var( --e-global-typography-text-font-weight );\">(de divers degr\u00e9s et origines : syndromique, neurod\u00e9veloppementale, \u00e9ducative,\u2026).\u00a0 Ces difficult\u00e9s ont un\u00a0<\/span><span style=\"font-family: var( --e-global-typography-text-font-family ), Sans-serif;\"><span style=\"font-weight: bold;\">impact au niveau psychosocial <\/span><\/span><span style=\"font-family: var( --e-global-typography-text-font-family ), Sans-serif; font-weight: var( --e-global-typography-text-font-weight );\">car elles s&rsquo;expriment \u00e0 travers les comportements et les relations.\u00a0<\/span><span style=\"font-family: var( --e-global-typography-text-font-family ), Sans-serif; font-weight: var( --e-global-typography-text-font-weight );\"><br \/><\/span><\/p><p><span style=\"font-family: var( --e-global-typography-text-font-family ), Sans-serif; font-weight: var( --e-global-typography-text-font-weight );\">\u00a0A<\/span><span style=\"font-family: var( --e-global-typography-text-font-family ), Sans-serif; font-weight: var( --e-global-typography-text-font-weight );\">u terme de ces bilans, <\/span><span style=\"font-family: var( --e-global-typography-text-font-family ), Sans-serif;\"><b>j&rsquo;analyse la situation<\/b><\/span><span style=\"font-family: var( --e-global-typography-text-font-family ), Sans-serif; font-weight: var( --e-global-typography-text-font-weight );\">. Cela me permet de <\/span><b><span style=\"font-family: var( --e-global-typography-text-font-family ), Sans-serif;\">r\u00e9aliser un diagnostic\u00a0<\/span><\/b><span style=\"font-family: var( --e-global-typography-text-font-family ), Sans-serif; font-weight: bold;\">psychop\u00e9dagogique<\/span><span style=\"font-family: var( --e-global-typography-text-font-family ), Sans-serif; font-weight: var( --e-global-typography-text-font-weight );\">\u00a0<\/span><b style=\"font-family: var( --e-global-typography-text-font-family ), Sans-serif;\"><span style=\"font-family: var( --e-global-typography-text-font-family ), Sans-serif;\">des besoins\u00a0<\/span><\/b><span style=\"font-family: var( --e-global-typography-text-font-family ), Sans-serif; font-weight: var( --e-global-typography-text-font-weight );\">de l&rsquo;enfant en tenant compte de <\/span><span style=\"font-family: var( --e-global-typography-text-font-family ), Sans-serif; font-weight: var( --e-global-typography-text-font-weight );\"><b>tous ses contextes de vie <\/b><\/span><span style=\"font-family: var( --e-global-typography-text-font-family ), Sans-serif; font-weight: var( --e-global-typography-text-font-weight );\">et des facteurs sur lesquels il est pertinent d&rsquo;intervenir pour optimiser son d\u00e9veloppement, toujours en partenariat avec les personnes ressources de l&rsquo;enfant.\u00a0\u00a0<\/span><\/p><p><span style=\"font-family: var( --e-global-typography-text-font-family ), Sans-serif; font-weight: var( --e-global-typography-text-font-weight );\">Selon les situations qui se pr\u00e9sentent et l&rsquo;orientation que prendra le suivi,\u00a0<\/span><span style=\"font-family: var( --e-global-typography-text-font-family ), Sans-serif; font-weight: var( --e-global-typography-text-font-weight );\">une autre facette de mon travail\u00a0<\/span><span style=\"font-family: var( --e-global-typography-text-font-family ), Sans-serif; font-weight: var( --e-global-typography-text-font-weight );\">peut \u00eatre de\u00a0<\/span><span style=\"font-family: var( --e-global-typography-text-font-family ), Sans-serif; font-weight: var( --e-global-typography-text-font-weight );\"><span style=\"font-weight: bold;\">r\u00e9fl\u00e9chir et\u00a0<\/span><\/span><span style=\"font-weight: bold; font-family: var( --e-global-typography-text-font-family ), Sans-serif;\">co-construire<\/span><span style=\"font-family: var( --e-global-typography-text-font-family ), Sans-serif; font-weight: var( --e-global-typography-text-font-weight );\">\u00a0<\/span><span style=\"font-family: var( --e-global-typography-text-font-family ), Sans-serif;\"><span style=\"font-weight: bold;\">avec vous<\/span><span style=\"font-weight: var( --e-global-typography-text-font-weight );\">\u00a0<\/span>parents\/tuteurs\/\u00e9ducateurs,\u00a0<\/span><span style=\"font-family: var( --e-global-typography-text-font-family ), Sans-serif; font-weight: bold;\">des pistes d&rsquo;actions concr\u00e8tes \u00e0 vivre \u00e0 la maison. Il en est de m\u00eame\u00a0<\/span><span style=\"font-family: var( --e-global-typography-text-font-family ), Sans-serif; font-weight: var( --e-global-typography-text-font-weight );\"><span style=\"font-weight: bold;\">avec les intervenants psycho-m\u00e9dico-sociaux (PMS) et les enseignants en ce qui concerne\u00a0<\/span><\/span><span style=\"font-family: var( --e-global-typography-text-font-family ), Sans-serif; font-weight: var( --e-global-typography-text-font-weight );\"><span style=\"font-weight: bold;\">des\u00a0<\/span><\/span><a style=\"background-color: #ffffff;\" href=\"https:\/\/www.unia.be\/fr\/domaines-daction\/enseignement\/que-sont-les-amenagements-raisonnables#:~:text=Les%20am%C3%A9nagements%20raisonnables%20permettent%20aux,personne%20en%20situation%20de%20handicap.\"><span style=\"font-family: var( --e-global-typography-text-font-family ), Sans-serif;\"><span style=\"font-weight: bold;\">\u00ab\u00a0<\/span>am\u00e9nagements raisonnables<span style=\"font-weight: bold;\">\u00ab\u00a0<\/span><\/span><span style=\"font-weight: var( --e-global-typography-text-font-weight ); font-family: var( --e-global-typography-text-font-family ), Sans-serif;\">\u00a0<\/span><\/a><span style=\"font-family: var( --e-global-typography-text-font-family ), Sans-serif; font-weight: var( --e-global-typography-text-font-weight );\">permettant l&rsquo;inclusion de l&rsquo;enfant dans ses diff\u00e9rents lieux de vie et\u00a0<\/span><span style=\"font-family: var( --e-global-typography-text-font-family ), Sans-serif; font-weight: var( --e-global-typography-text-font-weight );\">son\u00a0<\/span><span style=\"font-family: var( --e-global-typography-text-font-family ), Sans-serif; font-weight: var( --e-global-typography-text-font-weight );\">environnement scolaire,<\/span><span style=\"font-family: var( --e-global-typography-text-font-family ), Sans-serif; font-weight: var( --e-global-typography-text-font-weight );\">\u00a0visant \u00e0<\/span><span style=\"font-family: var( --e-global-typography-text-font-family ), Sans-serif; font-weight: var( --e-global-typography-text-font-weight );\">\u00a0une\u00a0<\/span><a style=\"background-color: #ffffff; font-weight: var( --e-global-typography-text-font-weight );\" href=\"http:\/\/www.enseignement.be\/index.php?page=27781&amp;navi=4888\" target=\"_blank\" rel=\"noopener\">\u00e9quit\u00e9 de ses chances\u00a0<\/a>\u00a0pour\u00a0<span style=\"font-family: var( --e-global-typography-text-font-family ), Sans-serif; font-weight: var( --e-global-typography-text-font-weight );\">\u00eatre en conditions d&rsquo;apprentissages comme les autres<\/span><span style=\"font-family: var( --e-global-typography-text-font-family ), Sans-serif; font-weight: var( --e-global-typography-text-font-weight );\">.\u00a0<\/span><span style=\"font-family: var( --e-global-typography-text-font-family ), Sans-serif; font-weight: var( --e-global-typography-text-font-weight );\"><br \/><\/span><\/p><p><span style=\"font-family: var( --e-global-typography-text-font-family ), Sans-serif; font-weight: var( --e-global-typography-text-font-weight );\">\u00a0<\/span><\/p><p><span style=\"font-family: var( --e-global-typography-text-font-family ), Sans-serif; font-weight: var( --e-global-typography-text-font-weight );\">\u00a0 \u00a0 \u00a0 \u00a0 \u00a0 \u00a0 \u00a0 \u00a0 \u00a0M&rsquo;appuyant sur la solidit\u00e9 de mes diverses formations, l&rsquo;ACP (Approche Centr\u00e9e sur la Personne et Exp\u00e9rientielle) est en filigrane de mes s\u00e9ances.\u00a0 Selon les situations de chacun.e, j&rsquo;utilise aussi son approche psychoth\u00e9rapeutique (PCPE). J&rsquo;utilise \u00e9galement des\u00a0<\/span>savoirs et savoir-faire inspir\u00e9s ou issu<span style=\"font-style: italic; font-weight: bold;\">\u00a0<\/span>de<i style=\"font-family: var( --e-global-typography-text-font-family ), Sans-serif; font-weight: var( --e-global-typography-text-font-weight );\"><span style=\"font-weight: bold;\">\u00a0<\/span><\/i><a style=\"font-weight: var( --e-global-typography-text-font-weight ); background-color: #ffffff;\" href=\"https:\/\/www.enfant-encyclopedie.com\/jeu\/selon-experts\/therapie-par-le-jeu\" target=\"_blank\" rel=\"noopener\">la th\u00e9rapie par le jeu<\/a>,\u00a0<span style=\"font-family: var( --e-global-typography-text-font-family ), Sans-serif;\">de la\u00a0<\/span><span style=\"font-family: var( --e-global-typography-text-font-family ), Sans-serif; font-weight: var( --e-global-typography-text-font-weight );\">\u00a0<\/span><a style=\"font-weight: var( --e-global-typography-text-font-weight ); background-color: #ffffff;\" href=\"#popmake-1263\" target=\"_blank\" rel=\"noopener\">psychomotricit\u00e9<\/a><span style=\"font-family: var( --e-global-typography-text-font-family ), Sans-serif; font-weight: var( --e-global-typography-text-font-weight );\">,\u00a0 de la<\/span><span style=\"font-family: var( --e-global-typography-text-font-family ), Sans-serif; font-style: italic; font-weight: bold;\">\u00a0<\/span><a style=\"font-weight: var( --e-global-typography-text-font-weight ); background-color: #ffffff;\" href=\"#popmake-1058\" target=\"_blank\" rel=\"noopener\">Pr\u00e9-Th\u00e9rapie<\/a><span style=\"font-family: var( --e-global-typography-text-font-family ), Sans-serif;\">, de<span style=\"font-style: italic; font-weight: bold;\">\u00a0<\/span><\/span><a style=\"font-weight: var( --e-global-typography-text-font-weight ); background-color: #ffffff;\" href=\"https:\/\/www.youtube.com\/watch?v=Ust3ruQSdJ8\" target=\"_blank\" rel=\"noopener\">l&rsquo;int\u00e9gration neurosensorielle<\/a><span style=\"font-family: var( --e-global-typography-text-font-family ), Sans-serif;\"><i style=\"font-weight: bold;\">, <\/i>de\u00a0<\/span><a style=\"background-color: #ffffff;\" href=\"https:\/\/theraplayfrance.fr\" target=\"_blank\" rel=\"noopener\">Theraplay<\/a>,\u00a0<span style=\"font-family: var( --e-global-typography-text-font-family ), Sans-serif;\">de la\u00a0<\/span><a style=\"background-color: #ffffff;\" href=\"https:\/\/www.google.com\/search?q=psychoth%C3%A9rapie+sensorimotrice&amp;sca_esv=5eda9a51b782decd&amp;sxsrf=AE3TifOv2G7ZHh8MyBFyNszVlf6eznwEFA%3A1761691134903&amp;ei=_kUBaaHxNuS8i-gP9OvF8Qg&amp;ved=0ahUKEwih6LLy-seQAxVk3gIHHfR1MY4Q4dUDCBE&amp;uact=5&amp;oq=psychoth%C3%A9rapie+sensorimotrice&amp;gs_lp=Egxnd3Mtd2l6LXNlcnAiHnBzeWNob3Row6lyYXBpZSBzZW5zb3JpbW90cmljZTIKECMYgAQYJxiKBTIFEAAYgAQyBRAAGIAEMgYQABgWGB4yBhAAGBYYHjIGEAAYFhgeMgYQABgWGB4yBRAAGO8FMggQABiABBiiBDIFEAAY7wVItSVQAFj2InAAeAGQAQCYAZMBoAGqEKoBBDI4LjG4AQPIAQD4AQGYAh2gAtURwgIEECMYJ8ICChAAGIAEGEMYigXCAhEQLhiABBixAxjRAxiDARjHAcICDRAAGIAEGLEDGEMYigXCAhAQABiABBixAxhDGIMBGIoFwgILEAAYgAQYkgMYuATCAgsQABiABBiSAxiKBcICEBAAGIAEGLEDGEMYyQMYigXCAg0QABiABBhDGMkDGIoFwgIIEAAYgAQYyQPCAgoQABiABBgUGIcCwgIIEAAYFhgKGB6YAwCSBwQyOC4xoAez9wGyBwQyOC4xuAfVEcIHCDAuNC4yNC4xyAd5&amp;sclient=gws-wiz-serp#fpstate=ive&amp;vld=cid:772db67a,vid:fkcKV3Av14c,st:0\" target=\"_blank\" rel=\"noopener\">Psychoth\u00e9rapie sensorimotrice<\/a>, du programme d&rsquo;entrainement aux habilet\u00e9s parentales (<a href=\"https:\/\/tdahbe.wordpress.com\/wp-content\/uploads\/2021\/11\/introduction-programme-barkley.pdf\" target=\"_blank\" rel=\"noopener\">PEHP<\/a>), du programme de\u00a0<a href=\"https:\/\/www.burnoutparental.com\/le-burnout-parental\" target=\"_blank\" rel=\"noopener\">traitement pour le burn out parental\u00a0<\/a>(BOP).<\/p><p>J&rsquo;allie une\u00a0<span style=\"font-weight: bold;\"><i>approche (pr\u00e9)(non)verbale et exp\u00e9rientielle<\/i><\/span>\u00a0faisant place \u00e0 l&rsquo;expressivit\u00e9 du corps, aux sensations et aux \u00e9motions qui en d\u00e9coulent.\u00a0<i style=\"font-weight: bold;\">Mon PLAY-LAB\u00a0<\/i><span style=\"font-weight: bold;\">devient alors un espace d&rsquo;exp\u00e9riences sensorielles, \u00e9motionnelles et symboliques, ainsi que de techniques expressives qui ouvrent la voie au d\u00e9veloppement de soi. <\/span>Les effets permettent d&rsquo;augmenter le potentiel relationnel, d&rsquo;ext\u00e9rioriser ce qui fait conflit \u00e0 l&rsquo;int\u00e9rieur, d&rsquo;exprimer les souffrances, parfois en les (re)jouant, et souvent en les transformant de fa\u00e7on plus acceptable pour soi, de \u00ab\u00a0s&rsquo;explorer soi-m\u00eame\u00a0\u00bb pour mieux se connaitre, de symboliser les exp\u00e9riences pour les int\u00e9grer, d&rsquo;apprendre \u00e0 utiliser sa libert\u00e9 en faisant preuve de responsabilit\u00e9 et d&rsquo;autod\u00e9termination, d&rsquo;acqu\u00e9rir une confiance en soi et de d\u00e9velopper une meilleure estime de soi.<\/p><p><span style=\"font-family: var( --e-global-typography-text-font-family ), Sans-serif; font-weight: var( --e-global-typography-text-font-weight );\">Pour introduire ou renforcer toutes ces exp\u00e9riences, mes 2 assistants canins m&rsquo;aident parfois, lorsque cela est opportun.\u00a0<\/span><span style=\"font-family: var( --e-global-typography-text-font-family ), Sans-serif; font-weight: var( --e-global-typography-text-font-weight );\">Fergus et Teddy sont de fabuleux \u00ab\u00a0th\u00e9rapeutes du contact et de la relation\u00a0\u00bb.\u00a0\u00a0<\/span><span style=\"font-family: var( --e-global-typography-text-font-family ), Sans-serif; font-weight: var( --e-global-typography-text-font-weight );\"><a style=\"font-weight: var( --e-global-typography-text-font-weight ); background-color: #ffffff;\" href=\"#popmake-1598\" target=\"_blank\" rel=\"noopener\">La m\u00e9diation animale<\/a> peut \u00eatre tr\u00e8s\u00a0<\/span><span style=\"font-family: var( --e-global-typography-text-font-family ), Sans-serif; font-weight: var( --e-global-typography-text-font-weight );\">b\u00e9n\u00e9fique dans l&rsquo;accompagnement des enfants.\u00a0<\/span><\/p><p><b>\u00a0<\/b><\/p><p><b>\u00a0 \u00a0 \u00a0 \u00a0Dans le suivi des enfants,\u00a0la famille\u00a0est n\u00e9cessairement impliqu\u00e9e.\u00a0<\/b><b>C&rsquo;est donc ensemble que nous cheminons pour tendre vers le changement.\u00a0<\/b><\/p><p><b>\u00a0<\/b><\/p><p><span style=\"font-family: var( --e-global-typography-text-font-family ), Sans-serif; font-weight: var( --e-global-typography-text-font-weight );\">Je vais d&rsquo;abord VOUS \u00e9couter en me centrant sur VOS exp\u00e9riences, VOS \u00e9motions, VOS pens\u00e9es tout en vous permettant de les explorer librement.\u00a0\u00a0<\/span><\/p><p><span style=\"font-family: var( --e-global-typography-text-font-family ), Sans-serif; font-weight: var( --e-global-typography-text-font-weight );\">Nous pourrons, si vous le souhaitez, regarder et prendre soin de chaque situation ensemble,\u00a0<\/span>sans jugement, sans apriori<span style=\"font-family: var( --e-global-typography-text-font-family ), Sans-serif; font-weight: var( --e-global-typography-text-font-weight );\">. Nous pourrons\u00a0<\/span><span style=\"font-family: var( --e-global-typography-text-font-family ), Sans-serif; font-weight: var( --e-global-typography-text-font-weight );\">explorer les <i>exp\u00e9riences pr\u00e9sentes empreintes de sensations, d&rsquo;\u00e9motions, de pens\u00e9es, de croyances, de mouvements<\/i>, qui appartiennent parfois au pass\u00e9 et qui\u00a0 peuvent se transformer dans l&rsquo;ici et maintenant, en s\u00e9curit\u00e9.\u00a0 \u00a0<\/span><span style=\"font-family: var( --e-global-typography-text-font-family ), Sans-serif; font-weight: var( --e-global-typography-text-font-weight );\">J<\/span><span style=\"font-family: var( --e-global-typography-text-font-family ), Sans-serif; font-weight: var( --e-global-typography-text-font-weight );\">e peux vous accompagner vers l\u00e0 o\u00f9 vous-m\u00eame souhaitez aller, avec votre libert\u00e9 exp\u00e9rientielle et votre d\u00e9sir de changement.\u00a0<\/span><span style=\"font-family: var( --e-global-typography-text-font-family ), Sans-serif; font-weight: var( --e-global-typography-text-font-weight );\">L&rsquo;<\/span><span style=\"font-family: var( --e-global-typography-text-font-family ), Sans-serif; font-weight: var( --e-global-typography-text-font-weight );\"><span style=\"font-weight: bold;\">Approche Centr\u00e9e sur la Personne<\/span><\/span><span style=\"font-family: var( --e-global-typography-text-font-family ), Sans-serif; font-weight: var( --e-global-typography-text-font-weight );\">, non directive,<\/span><span style=\"font-family: var( --e-global-typography-text-font-family ), Sans-serif; font-weight: var( --e-global-typography-text-font-weight );\">\u00a0offre un\u00a0<\/span><span style=\"font-family: var( --e-global-typography-text-font-family ), Sans-serif; font-weight: bold;\">\u00e9tayage pour vivre de nouvelles exp\u00e9riences de soi, des mises en conscience des processus qui se jouent dans l&rsquo;ici et maintenant, et qui peuvent \u00eatre transformateurs, ouvrant la voie vers une \u00ab\u00a0actualisation de soi\u00a0\u00bb.<\/span><\/p><p>\u00a0<\/p><p>\u00a0<\/p><center><span style=\"text-align: left;\"><b>\u00a0<\/b><\/span><\/center><center><span style=\"text-align: left;\"><b>C\u2019est votre propre cheminement qui compte!<\/b><\/span><span style=\"font-family: var( --e-global-typography-text-font-family ), Sans-serif; font-weight: var( --e-global-typography-text-font-weight ); text-align: left;\">\u00a0<\/span><\/center><center><span style=\"font-family: var( --e-global-typography-text-font-family ), Sans-serif; font-weight: var( --e-global-typography-text-font-weight ); text-align: left;\">\u00a0<\/span><\/center><center><b><strong>Lieux d&rsquo;intervention<\/strong><\/b><\/center><center><b><strong>\u00a0<\/strong><\/b><\/center><p>\u00a0<\/p><p>J&rsquo;interviens en cabinet, \u00e0 domicile, \u00e0 l&rsquo;\u00e9cole, ou dans tout autre milieu de vie ou lieu dit \u00ab\u00a0d&rsquo;accroche\u00a0\u00bb&#8230; L<span style=\"font-family: var( --e-global-typography-text-font-family ), Sans-serif; font-weight: var( --e-global-typography-text-font-weight );\">\u00e0 o\u00f9 il y a lieu d&rsquo;\u00eatre avec la personne pour r\u00e9pondre \u00e0 ses besoins.<\/span><\/p><p><span style=\"font-family: var( --e-global-typography-text-font-family ), Sans-serif; font-weight: var( --e-global-typography-text-font-weight );\">Pour tout ce travail, je <\/span><span style=\"font-family: var( --e-global-typography-text-font-family ), Sans-serif;\"><b>collabore in\u00e9vitablement avec le r\u00e9seau<\/b><\/span><span style=\"font-family: var( --e-global-typography-text-font-family ), Sans-serif; font-weight: var( --e-global-typography-text-font-weight );\"> en sant\u00e9 mentale ainsi qu&rsquo;avec un ensemble d\u2019intervenants m\u00e9dicaux et param\u00e9dicaux ind\u00e9pendants ou engag\u00e9s dans divers services de la r\u00e9gion.<\/span><\/p><h6 style=\"text-align: center;\"><strong>\u00a0<\/strong><\/h6><h6 style=\"text-align: center;\"><strong>Combien co\u00fbte une s\u00e9ance ?<\/strong><\/h6><h6><strong>\u00a0<\/strong><\/h6><p>En tant que professionnelle de sant\u00e9 conventionn\u00e9e avec le R.E.A.L.I.S.M. (R\u00e9seau enfants &#8211; adolescents Li\u00e8ge Sant\u00e9 mentale). <u>Depuis f\u00e9vrier 2024,<\/u> les soins pour enfants, adolescents et jeunes adultes jusque 23 ans sont ENTIEREMENT REMBOURSES par une intervention directe de l&rsquo;INAMI.<\/p><p>=&gt; Pour les explications et le co\u00fbt des s\u00e9ances : cliquez\u00a0<a style=\"font-weight: var( --e-global-typography-text-font-weight ); background-color: #ffffff;\" href=\"https:\/\/www.inami.fgov.be\/fr\/themes\/soins-de-sante-cout-et-remboursement\/les-prestations-de-sante-que-vous-rembourse-votre-mutualite\/soins-de-sante-mentale\/vos-soins-psychologiques-de-1re-ligne-rembourses-via-les-reseaux-de-sante-mentale\" target=\"_blank\" rel=\"noopener\">ici<\/a><\/p><h6 style=\"text-align: center;\"><strong>\u00a0<\/strong><\/h6><h6 style=\"text-align: center;\"><strong>Mon cursus de formation\u00a0<\/strong><\/h6><h6><strong>\u00a0<\/strong><\/h6><p>Je suis form\u00e9e \u00e0 l&rsquo;Education Sp\u00e9cialis\u00e9e en accompagnement psycho-\u00e9ducatif (ISELL), \u00e0 la r\u00e9\u00e9ducation (ISELL) et \u00e0 la th\u00e9rapie psychomotrice (<a href=\"https:\/\/www.asefop.com\/fr\/la-pratique-psychomotrice\/\/\">pratique psychomotrice Aucouturier<\/a>),\u00a0<\/p><p>J&rsquo;ai obtenu, avec grande distinction, un <u>Master en Sciences de l&rsquo;Education <\/u><u>\u00e0 la Facult\u00e9 de Psychologie et Sciences de l&rsquo;\u00e9ducation<\/u> de l&rsquo;Universit\u00e9 Catholique de Louvain-La-Neuve (UCL). J&rsquo;ai eu l&rsquo;opportunit\u00e9 de suivre dans ce cadre, des cours au Conservatoire National des Arts et M\u00e9tiers (<a href=\"https:\/\/www.cnam.fr\/portail\/conservatoire-national-des-arts-et-metiers-accueil-821166.kjsp\" target=\"_blank\" rel=\"noopener\">CNAM<\/a>, Paris) ainsi qu\u2019\u00e0 l&rsquo;<a href=\"https:\/\/www.unige.ch\/fapse\/\" target=\"_blank\" rel=\"noopener\">Universit\u00e9 de Gen\u00e8ve<\/a>\u00a0(Unige).<\/p><p>J&rsquo;ai suivi les enseignements th\u00e9oriques et cliniques du Professeur Nathalie Nader-Grosbois (PhD.) et son \u00e9quipe pour compl\u00e9menter ma ma\u00eetrise par l\u2019obtention du <u>Certificat Universitaire en <a href=\"https:\/\/www.health.belgium.be\/fr\/news\/orthopedagogie-clinique-en-belgique#:~:text=L'orthop%C3%A9dagogie%20est%20la%20discipline,de%20r%C3%A9f%C3%A9rence%20scientifique%20en%20question%20%C2%BB.&amp;text=Le%20cadre%20de%20r%C3%A9f%C3%A9rence%20pour,nature%20interactionnelle%2C%20%C3%A9cologique%20et%20syst%C3%A9mique.\">Orthop\u00e9dagogie Clinique<\/a><\/u> \u00e0 l&rsquo;Universit\u00e9 Catholique de Louvain-La-Neuve (<a href=\"https:\/\/uclouvain.be\" target=\"_blank\" rel=\"noopener\">UCL<\/a>).<\/p><p>\u00a0<\/p><p>Je suis entre autres, form\u00e9es \u00e0 diff\u00e9rents enseignements et pratiques sp\u00e9cifiques :\u00a0<\/p><p>&#8211; l&rsquo;observation du b\u00e9b\u00e9 selon la\u00a0<a style=\"color: #212529; background-color: #ffffff; border-bottom-style: dashed; transition-property: all;\" href=\"http:\/\/www.aidobb.org\/fr\/formation-a-lobservation-du-bebe\/#:~:text=La%20m%C3%A9thode%20originale%20d'observation,niveaux%20primitifs%20de%20la%20pens%C3%A9e.\">m\u00e9thode d&rsquo;Esther Bick<\/a>\u00a0(Ulg &#8211; formation longue)\u00a0<\/p><p>&#8211; la\u00a0<a style=\"background-color: #ffffff; transition-property: all;\" href=\"https:\/\/wikiwiph.aviq.be\/Pages\/M%C3%A9thode-ABA-(Analyse-appliqu%C3%A9e-du-comportement).aspx\">m\u00e9thode ABA<\/a>\u00a0(Analyse appliqu\u00e9e du comportement &#8211;\u00a0<span style=\"font-weight: bolder;\">A<\/span>pplied\u00a0<span style=\"font-weight: bolder;\">B<\/span>ehavior\u00a0<span style=\"font-weight: bolder;\">A<\/span>nalysis)\u00a0<\/p><p>&#8211; initi\u00e9e\u00a0<span style=\"font-family: var( --e-global-typography-text-font-family ), Sans-serif; font-weight: var( --e-global-typography-text-font-weight );\">\u00e0 \u00ab\u00a0l&rsquo;Entrainement aux habilet\u00e9s parentales\u00a0\u00bb (PEHP Barkley)<\/span><\/p><p><span style=\"font-family: var( --e-global-typography-text-font-family ), Sans-serif; font-weight: var( --e-global-typography-text-font-weight );\">&#8211; ai suivi le\u00a0<u>programme \u00ab\u00a0d\u00e9ficiences sensorielles chez l&rsquo;enfant et l&rsquo;adolescent &#8211; initiation au polyhandicap\u00a0\u00bb (UCL)<\/u> <\/span><span style=\"font-weight: var( --e-global-typography-text-font-weight ); font-size: 12px;\"><span style=\"color: #000000; font-family: Helvetica;\">;<\/span><\/span><\/p><p><span style=\"font-family: var( --e-global-typography-text-font-family ), Sans-serif; font-weight: var( --e-global-typography-text-font-weight );\">&#8211; certifi\u00e9e pour la <u>formation longue en\u00a0\u00a0<\/u><\/span><b><u>Psychoth\u00e9rapie Sensorimotrice<\/u><\/b><b style=\"font-family: var( --e-global-typography-text-font-family ), Sans-serif;\">\u00a0(Niv.I &#8211;\u00a0<span style=\"color: var( --e-global-color-text ); font-size: 12pt; font-family: Arial, sans-serif;\">\u00ab\u00a0<\/span><span style=\"color: var( --e-global-color-text ); font-size: 12pt; font-family: Arial, sans-serif;\">r\u00e9gulation des affects, attachement et trauma\u00a0\u00bb<\/span><span style=\"font-family: var( --e-global-typography-text-font-family ), Sans-serif;\">)<\/span><\/b><span style=\"font-family: var( --e-global-typography-text-font-family ), Sans-serif; font-weight: var( --e-global-typography-text-font-weight );\">\u00a0<\/span><span style=\"font-family: var( --e-global-typography-text-font-family ), Sans-serif; font-weight: var( --e-global-typography-text-font-weight );\">par le\u00a0<\/span><a style=\"background-color: #ffffff;\" href=\"https:\/\/sensorimotorpsychotherapy.org\/about\/\" target=\"_blank\" rel=\"noopener\">Sensorimotor Psychotherapy Institute\u00ae<\/a>\u00a0(Rapha\u00ebl Gazon)\u00a0<\/p><p>&#8211; certifi\u00e9e \u00e9galement \u00e0 la suite, pour la <u>formation longue en\u00a0\u00a0<span style=\"font-weight: bold;\">Psychoth\u00e9rapie Sensorimotrice<\/span><\/u><span style=\"font-weight: bold;\">\u00a0(Niv.I- adapt\u00e9e aux enfants, adolescents et familles) <\/span>(<a href=\"http:\/\/www.drbonniegoldstein.com\/\">Bonnie Goldstein- USA<\/a>\u00a0via\u00a0<a href=\"https:\/\/www.parole.be\/formateur\/bonnie-goldstein\/101\" target=\"_blank\" rel=\"noopener\">Parole d&rsquo;enfants<\/a>)\u00a0<\/p><p>&#8211;\u00a0<span style=\"font-family: Arial, sans-serif;\">initi\u00e9e \u00e0 la\u00a0<\/span><a href=\"https:\/\/www.peps-e.be\/techniques-therapeutiques\/53\/theorie-polyvagale\" target=\"_blank\" rel=\"noopener\">th\u00e9orie polyvagale appliqu\u00e9e \u00e0 la psychoth\u00e9rapie<\/a>\u00a0(sentir et connaitre notre syst\u00e8me de protection\/connexion) par Marie Baudin (Peps-E)<\/p><p>&#8211;\u00a0<span style=\"font-family: Arial, sans-serif;\">form\u00e9e au <\/span><u style=\"font-family: Arial, sans-serif;\">Theraplay <\/u><span style=\"font-family: Arial, sans-serif;\">(Niv.1) par V.Vandenbroeke (<\/span><a style=\"font-family: Arial, sans-serif;\" href=\"https:\/\/www.peps-e.be\/formation\/consult\/27\/theraplay\">Peps-E <\/a><span style=\"font-family: Arial, sans-serif;\">&amp;\u00a0<\/span><a style=\"background-color: #ffffff;\" href=\"https:\/\/theraplay.org\/\" target=\"_blank\" rel=\"noopener\">Theraplay Institute<\/a><span style=\"font-family: Arial, sans-serif;\">)\u00a0<\/span><\/p><p><span style=\"font-family: Arial, sans-serif;\">&#8211; ai suivi le programme concernant les\u00a0<\/span><a style=\"background-color: #ffffff;\" href=\"https:\/\/www.desliensencouleurs.be\/formations-conf%C3%A9rences\/accompagner-le-deuil-p%C3%A9rinatal\/\" target=\"_blank\" rel=\"noopener\">difficult\u00e9s maternelles<\/a><span style=\"font-family: Arial, sans-serif;\">\u00a0(Baby Blues, DPP, Psychose puerp\u00e9rales et Burn out parental) par Sandrine d&rsquo;Huart.\u00a0\u00a0<\/span><\/p><p><span style=\"color: var( --e-global-color-text ); font-weight: var( --e-global-typography-text-font-weight ); font-size: 12pt; font-family: Arial, sans-serif;\">\u00a0<\/span><\/p><p><span style=\"color: var( --e-global-color-text ); font-weight: var( --e-global-typography-text-font-weight ); font-size: 12pt; font-family: Arial, sans-serif;\">Je poursuis tr\u00e8s r\u00e9guli\u00e8rement des formations propos\u00e9es par le r\u00e9seau et d&rsquo;autres op\u00e9rateurs de formation \u00e0 la pointe de la recherche dans les domaines de la psychologie, des sciences de l&rsquo;\u00e9ducation et domaines connexes.<\/span><\/p><p><span style=\"color: var( --e-global-color-text ); font-weight: var( --e-global-typography-text-font-weight ); font-size: 12pt; font-family: Arial, sans-serif;\">\u00a0<\/span><\/p><p><span style=\"font-family: Arial, sans-serif; font-size: 12pt; color: var( --e-global-color-text ); font-weight: var( --e-global-typography-text-font-weight );\">Engag\u00e9e de fa\u00e7on continue apr\u00e8s un troisi\u00e8me cycle universitaire en psychoth\u00e9rapie \u00e0 l&rsquo;UCL dans\u00a0<\/span><a style=\"font-weight: var( --e-global-typography-text-font-weight ); background-color: #ffffff;\" href=\"https:\/\/www.afpc.be\/l-acp\/\" target=\"_blank\" rel=\"noopener\">l&rsquo;approche centr\u00e9e sur la personne et exp\u00e9rientielle<\/a>, j&rsquo;actualise r\u00e9guli\u00e8rement mon travail en ce sens par des formations et de la supervision professionnelle.<\/p><p><span style=\"font-family: Arial, sans-serif; font-size: 12pt; color: var( --e-global-color-text ); font-weight: var( --e-global-typography-text-font-weight );\">\u00a0<\/span><\/p><h6 style=\"text-align: center;\"><strong>Mon Background<\/strong><\/h6><h6 style=\"text-align: center;\"><strong>\u00a0<\/strong><\/h6><p>Travaillant depuis 1999, j&rsquo;exerce actuellement ma pratique clinique \u00e0 l&rsquo;Espace Psychomotive. <b>M<\/b><b>on travail s&rsquo;inscrit dans la <i>fonction de \u00ab\u00a0soutien psychologique\u00a0\u00bb <\/i>ainsi que celle du <i>\u00ab\u00a0traitement psychologique pour les probl\u00e8mes l\u00e9gers \u00e0 mod\u00e9r\u00e9s\u00a0\u00bb\u00a0<\/i><\/b><b style=\"font-family: var( --e-global-typography-text-font-family ), Sans-serif;\">int\u00e9gr\u00e9s \u00e0 la premi\u00e8re ligne,\u00a0<\/b><b style=\"font-family: var( --e-global-typography-text-font-family ), Sans-serif;\">en convention avec le R\u00e9seau en Sant\u00e9 Mentale l<\/b><span style=\"font-family: var( --e-global-typography-text-font-family ), Sans-serif; font-weight: bold;\">i\u00e9geois\u00a0<\/span><b style=\"font-family: var( --e-global-typography-text-font-family ), Sans-serif;\">pour enfants et adolescents\u00a0<\/b><a style=\"font-weight: var( --e-global-typography-text-font-weight ); background-color: #ffffff;\" href=\"https:\/\/realism0-18.be\/\" target=\"_blank\" rel=\"noopener\">REALISM<\/a><b style=\"font-family: var( --e-global-typography-text-font-family ), Sans-serif;\">.<\/b><\/p><p>\u00a0<\/p><p>En parall\u00e8le, j&rsquo;ai travaill\u00e9 jusqu&rsquo;en 2025 dans un service\u00a0d&rsquo;inclusion \u00e0 la\u00a0Haute Ecole Helmo\u00a0Li\u00e8ge o\u00f9 j&rsquo;accompagnais des \u00e9tudiants dans leur projet individualis\u00e9 en lien avec leurs troubles des apprentissages, psychologiques, m\u00e9dicaux, ou toute autre situation de handicap.\u00a0<\/p><p>J&rsquo;ai autrefois travaill\u00e9 dans un Centre Th\u00e9rapeutique et d\u2019aide \u00e9ducative et dans un Institut M\u00e9dico P\u00e9dagogique\u00a0 avec des enfants et des adolescents pr\u00e9sentant des troubles n\u00e9vrotiques, pr\u00e9psychotiques et autistiques.<\/p><p>J&rsquo;ai \u00e9galement travaill\u00e9 en tant que psychologue aupr\u00e8s de personnes pr\u00e9sentant une d\u00e9ficience intellectuelle et des troubles associ\u00e9s, ainsi que\u00a0<span style=\"font-family: var( --e-global-typography-text-font-family ), Sans-serif; font-weight: var( --e-global-typography-text-font-weight );\">dans un Centre R\u00e9sidentiel pour Jeunes pr\u00e9sentant des handicaps moteurs associ\u00e9s \u00e0 d\u2019autres troubles (comportementaux, \u00e9motionnels, cognitifs, \u00e9pilepsie, c\u00e9r\u00e9brol\u00e9sion,\u2026), d\u2019origine syndromique, ant\u00e9natale ou encore li\u00e9s \u00e0 des \u00abaccidents de la vie \u00bb.<\/span><\/p><p><span style=\"font-family: var( --e-global-typography-text-font-family ), Sans-serif; font-weight: var( --e-global-typography-text-font-weight );\">\u00a0<\/span><\/p><p><span style=\"font-family: var( --e-global-typography-text-font-family ), Sans-serif; font-weight: var( --e-global-typography-text-font-weight );\">J&rsquo;ai enseign\u00e9 durant 13 ans dans l&rsquo;Enseignement Sup\u00e9rieur param\u00e9dical et p\u00e9dagogique en tant que Ma\u00eetre-assistante en Psychologie, P\u00e9dagogie et M\u00e9thodologie.\u00a0\u00a0<\/span><\/p><p>Dans mes activit\u00e9s d&rsquo;enseignement, j&rsquo;ai form\u00e9 des Educateurs Sp\u00e9cialis\u00e9s en Accompagnement Psycho-\u00e9ducatif, des intervenants sp\u00e9cialis\u00e9s en R\u00e9\u00e9ducation Psychomotrice \u00e0 la Haute Ecole Helmo-Cfel \u00e0 Li\u00e8ge, des Instituteurs\/trices pr\u00e9scolaires, des psychomotriciens\/ciennes<span style=\"font-family: var( --e-global-typography-text-font-family ), Sans-serif; font-weight: var( --e-global-typography-text-font-weight );\">\u00a0dans le Bachelier Param\u00e9dical en Psychomotricit\u00e9 \u00e0 la Haute Ecole Helmo-Hepl, ainsi que des\u00a0<\/span><span style=\"font-family: var( --e-global-typography-text-font-family ), Sans-serif; font-weight: var( --e-global-typography-text-font-weight );\">intervenants<\/span><span style=\"font-family: var( --e-global-typography-text-font-family ), Sans-serif; font-weight: var( --e-global-typography-text-font-weight );\">\u00a0<\/span><span style=\"font-family: var( --e-global-typography-text-font-family ), Sans-serif; font-weight: var( --e-global-typography-text-font-weight );\">sp\u00e9cialis\u00e9s en orthop\u00e9dagogie \u00e0 Helmo-Ste Croix \u00e0 Li\u00e8ge.<\/span><\/p><p>J&rsquo;ai \u00e9galement \u00e9t\u00e9 formatrice pour les Directrices de Maison d&rsquo;Enfants \u00e0 l\u2019IFAPME (Li\u00e8ge, Huy-Waremme et Verviers), et je fus \u00e9galement Maitre de Stage pour la facult\u00e9 de Psychologie et Sciences de l&rsquo;Education en 2020 et 2021 \u00e0 l&rsquo;Universit\u00e9 de Li\u00e8ge.<\/p><p>\u00a0<\/p><p><b>\u00a0<\/b><\/p><p><b>Pour exercer le soin psychologique<\/b>, je suis dipl\u00f4m\u00e9e et certifi\u00e9e de plusieurs cursus universitaires, notamment en sciences psychop\u00e9dagogiques et de l&rsquo;\u00e9ducation, en Orthop\u00e9dagogie Clinique, et je suis engag\u00e9e dans l&rsquo;Approche psychoth\u00e9rapeutique Centr\u00e9e sur la Personne et Exp\u00e9rientielle (UCL-AFPC).<\/p><p>\u00a0<\/p><p>Je poss\u00e8de, tel que le pr\u00e9voit la loi, un Visa et un agr\u00e9ment d\u00e9livr\u00e9 par le SPF Sant\u00e9 m&rsquo;autorisant l&rsquo;exercice clinique des soins psychologiques et orthop\u00e9dagogiques. Afin d&rsquo;actualiser mes comp\u00e9tences en lien avec \u00ab\u00a0l&rsquo;evidence based practice\u00a0\u00bb, je reste ardemment engag\u00e9e dans les processus d&rsquo;intervision et de supervision professionnelle, ainsi que <span style=\"font-family: var( --e-global-typography-text-font-family ), Sans-serif; font-weight: var( --e-global-typography-text-font-weight );\">dans la participation \u00e0 des colloques, des conf\u00e9rences, et la formation continue.<\/span><\/p><p>Je suis membre de l&rsquo;Association Francophone des Orthop\u00e9dagogues Cliniciens (AFO) et de l&rsquo;AFPC (Association Francophone de Psychoth\u00e9rapie Centr\u00e9e sur la Personne).<\/p><h6 style=\"text-align: center;\"><strong>\u00a0<\/strong><\/h6><h6 style=\"text-align: center;\"><strong>Adresse du cabinet<\/strong><\/h6><h6 style=\"text-align: center;\"><strong>\u00a0<\/strong><\/h6><p style=\"text-align: center;\">ASBL Psychomotive, Rue de Beaufays n\u00b020 \u00e0 4140 Sprimont<\/p><h6 style=\"text-align: center;\"><strong>\u00a0<\/strong><\/h6><h6 style=\"text-align: center;\"><strong>Contact<\/strong><\/h6><p style=\"text-align: center;\">0475\/71.42.96<\/p><p style=\"text-align: center;\"><a href=\"mailto:eliane.desmidt@psychomotive.be\" target=\"_blank\" rel=\"noopener\"><span style=\"text-decoration: underline;\"><span style=\"color: #5f0736; text-decoration: underline;\">eliane.desmidt@psychomotive.<\/span><\/span><\/a><\/p><p style=\"text-align: center;\">\u00a0<\/p><h6 style=\"text-align: center;\"><a href=\"https:\/\/realism0-18.be\/\" target=\"_blank\" rel=\"noopener\">Liste des Psychologues\/Orthop\u00e9dagogues Cliniciens Conventionn\u00e9s\u00a0(enfants, ados et jeunes adultes &lt; 23 ans)<\/a><\/h6><h6 style=\"text-align: center;\">\u00a0<\/h6><h6 style=\"text-align: center;\"><a href=\"https:\/\/psyfusionliege.be\/\" target=\"_blank\" rel=\"noopener\">Liste des professionnels\u00a0Conventionn\u00e9s\u00a0pour Adultes\u00a0<\/a><\/h6><h6 style=\"text-align: center;\">\u00a0<\/h6><h6 style=\"text-align: center;\">\u00a0<\/h6><h6 style=\"text-align: center;\">\u00a0<\/h6><h6 style=\"text-align: center;\">\u00a0<\/h6><h6 style=\"text-align: center;\">\u00a0<\/h6><p style=\"text-align: center;\">\u00a0<\/p>\t\t\t\t\t<\/div>\n\t\t\t\t\t\t<\/div>\n\t\t\t\t<\/div>\n\t\t\t\t\t\t<\/div>\n\t\t\t\t\t<\/div>\n\t\t<\/div>\n\t\t\t\t\t\t\t\t<\/div>\n\t\t\t\t\t<\/div>\n\t\t<\/section>\n\t\t\t\t<section class=\"elementor-section elementor-top-section elementor-element elementor-element-7c9fc1e elementor-section-boxed elementor-section-height-default elementor-section-height-default\" data-id=\"7c9fc1e\" data-element_type=\"section\">\n\t\t\t\t\t\t<div class=\"elementor-container elementor-column-gap-default\">\n\t\t\t\t\t\t\t<div class=\"elementor-row\">\n\t\t\t\t\t<div class=\"elementor-column elementor-col-50 elementor-top-column elementor-element elementor-element-ef5bfbe\" data-id=\"ef5bfbe\" data-element_type=\"column\">\n\t\t\t<div class=\"elementor-column-wrap elementor-element-populated\">\n\t\t\t\t\t\t\t<div class=\"elementor-widget-wrap\">\n\t\t\t\t\t\t<div class=\"elementor-element elementor-element-463e73d elementor-widget elementor-widget-text-editor\" data-id=\"463e73d\" data-element_type=\"widget\" data-widget_type=\"text-editor.default\">\n\t\t\t\t<div class=\"elementor-widget-container\">\n\t\t\t\t\t\t\t\t<div class=\"elementor-text-editor elementor-clearfix\">\n\t\t\t\t<p style=\"text-align: center;\"><strong><a href=\"http:\/\/psychomotive.be\/WP\/services\/suivis-individuels\/#coaching\"><span style=\"text-decoration: underline;\"><span style=\"color: #5f0736; text-decoration: underline;\">L&rsquo;Orthop\u00e9dagogie Clinique ?<\/span><\/span><\/a><\/strong><\/p>\t\t\t\t\t<\/div>\n\t\t\t\t\t\t<\/div>\n\t\t\t\t<\/div>\n\t\t\t\t\t\t<\/div>\n\t\t\t\t\t<\/div>\n\t\t<\/div>\n\t\t\t\t<div class=\"elementor-column elementor-col-50 elementor-top-column elementor-element elementor-element-41db97a\" data-id=\"41db97a\" data-element_type=\"column\">\n\t\t\t<div class=\"elementor-column-wrap elementor-element-populated\">\n\t\t\t\t\t\t\t<div class=\"elementor-widget-wrap\">\n\t\t\t\t\t\t<div class=\"elementor-element elementor-element-6d5520d elementor-widget elementor-widget-text-editor\" data-id=\"6d5520d\" data-element_type=\"widget\" data-widget_type=\"text-editor.default\">\n\t\t\t\t<div class=\"elementor-widget-container\">\n\t\t\t\t\t\t\t\t<div class=\"elementor-text-editor elementor-clearfix\">\n\t\t\t\t<p style=\"text-align: center;\">\n<strong><a href=\"https:\/\/www.afpc.be\/l-acp\/\"><span style=\"text-decoration: underline;\"><span style=\"color: #5f0736; text-decoration: underline;\">L&rsquo;Approche Centr\u00e9e sur la Personne<\/span><\/span><\/a><\/strong><\/p>\t\t\t\t\t<\/div>\n\t\t\t\t\t\t<\/div>\n\t\t\t\t<\/div>\n\t\t\t\t\t\t<\/div>\n\t\t\t\t\t<\/div>\n\t\t<\/div>\n\t\t\t\t\t\t\t\t<\/div>\n\t\t\t\t\t<\/div>\n\t\t<\/section>\n\t\t\t\t<section class=\"elementor-section elementor-top-section elementor-element elementor-element-d561a42 elementor-section-boxed elementor-section-height-default elementor-section-height-default\" data-id=\"d561a42\" data-element_type=\"section\">\n\t\t\t\t\t\t<div class=\"elementor-container elementor-column-gap-default\">\n\t\t\t\t\t\t\t<div class=\"elementor-row\">\n\t\t\t\t\t<div class=\"elementor-column elementor-col-50 elementor-top-column elementor-element elementor-element-cbc5951\" data-id=\"cbc5951\" data-element_type=\"column\">\n\t\t\t<div class=\"elementor-column-wrap elementor-element-populated\">\n\t\t\t\t\t\t\t<div class=\"elementor-widget-wrap\">\n\t\t\t\t\t\t<div class=\"elementor-element elementor-element-e7ea964 elementor-aspect-ratio-169 elementor-widget elementor-widget-video\" data-id=\"e7ea964\" data-element_type=\"widget\" data-settings=\"{&quot;youtube_url&quot;:&quot;https:\\\/\\\/www.youtube.com\\\/watch?v=1e3IJCvJO_M&quot;,&quot;video_type&quot;:&quot;youtube&quot;,&quot;controls&quot;:&quot;yes&quot;,&quot;aspect_ratio&quot;:&quot;169&quot;}\" data-widget_type=\"video.default\">\n\t\t\t\t<div class=\"elementor-widget-container\">\n\t\t\t\t\t<div class=\"elementor-wrapper elementor-fit-aspect-ratio elementor-open-inline\">\n\t\t\t<div class=\"elementor-video\"><\/div>\t\t<\/div>\n\t\t\t\t<\/div>\n\t\t\t\t<\/div>\n\t\t\t\t\t\t<\/div>\n\t\t\t\t\t<\/div>\n\t\t<\/div>\n\t\t\t\t<div class=\"elementor-column elementor-col-50 elementor-top-column elementor-element elementor-element-dbc588b\" data-id=\"dbc588b\" data-element_type=\"column\">\n\t\t\t<div class=\"elementor-column-wrap elementor-element-populated\">\n\t\t\t\t\t\t\t<div class=\"elementor-widget-wrap\">\n\t\t\t\t\t\t<div class=\"elementor-element elementor-element-38cf5cf elementor-widget elementor-widget-image\" data-id=\"38cf5cf\" data-element_type=\"widget\" data-widget_type=\"image.default\">\n\t\t\t\t<div class=\"elementor-widget-container\">\n\t\t\t\t\t\t\t\t<div class=\"elementor-image\">\n\t\t\t\t\t\t\t\t\t\t\t\t<img loading=\"lazy\" decoding=\"async\" width=\"1024\" height=\"768\" src=\"https:\/\/psychomotive.be\/WP\/wp-content\/uploads\/2024\/02\/IMG_8357-1024x768.jpeg\" class=\"attachment-large size-large wp-image-1474\" alt=\"\" srcset=\"https:\/\/psychomotive.be\/WP\/wp-content\/uploads\/2024\/02\/IMG_8357-1024x768.jpeg 1024w, https:\/\/psychomotive.be\/WP\/wp-content\/uploads\/2024\/02\/IMG_8357-300x225.jpeg 300w, https:\/\/psychomotive.be\/WP\/wp-content\/uploads\/2024\/02\/IMG_8357-768x576.jpeg 768w, https:\/\/psychomotive.be\/WP\/wp-content\/uploads\/2024\/02\/IMG_8357-1536x1152.jpeg 1536w, https:\/\/psychomotive.be\/WP\/wp-content\/uploads\/2024\/02\/IMG_8357.jpeg 2048w\" sizes=\"auto, (max-width: 1024px) 100vw, 1024px\" \/>\t\t\t\t\t\t\t\t\t\t\t\t\t\t<\/div>\n\t\t\t\t\t\t<\/div>\n\t\t\t\t<\/div>\n\t\t\t\t\t\t<\/div>\n\t\t\t\t\t<\/div>\n\t\t<\/div>\n\t\t\t\t\t\t\t\t<\/div>\n\t\t\t\t\t<\/div>\n\t\t<\/section>\n\t\t\t\t\t\t\t\t\t<\/div>\n\t\t\t<\/div>\n\t\t\t\t\t<\/div>\n\t\t","protected":false},"excerpt":{"rendered":"<p>Eliane Desmidt \u00ab&nbsp;L\u2019intelligence ce n&rsquo;est pas ce que l\u2019on sait, mais ce que l\u2019on fait quand on ne sait pas.&nbsp;\u00bb &nbsp; &nbsp; &nbsp; &nbsp; &nbsp; &nbsp; &nbsp; &nbsp; &nbsp; &nbsp; &nbsp; &nbsp; &nbsp; &nbsp; &nbsp; &nbsp; &nbsp; &nbsp; &nbsp; &nbsp; &nbsp; &nbsp; &nbsp; &nbsp; &nbsp; &nbsp; &nbsp; &nbsp; &nbsp; &nbsp; &nbsp; &nbsp; &nbsp; &nbsp; &nbsp; [&hellip;]<\/p>\n","protected":false},"author":1,"featured_media":0,"parent":86,"menu_order":0,"comment_status":"closed","ping_status":"closed","template":"templates\/template_page-full-width.php","meta":{"footnotes":""},"class_list":["post-253","page","type-page","status-publish","hentry"],"yoast_head":"<!-- This site is optimized with the Yoast SEO plugin v18.1 - https:\/\/yoast.com\/wordpress\/plugins\/seo\/ -->\n<title>Eliane Desmidt - Psychomotive<\/title>\n<meta name=\"robots\" content=\"index, follow, max-snippet:-1, max-image-preview:large, max-video-preview:-1\" \/>\n<link rel=\"canonical\" href=\"https:\/\/psychomotive.be\/WP\/qui-sommes-nous\/eliane-desmidt\/\" \/>\n<meta property=\"og:locale\" content=\"fr_FR\" \/>\n<meta property=\"og:type\" content=\"article\" \/>\n<meta property=\"og:title\" content=\"Eliane Desmidt - Psychomotive\" \/>\n<meta property=\"og:description\" content=\"Eliane Desmidt \u00ab&nbsp;L\u2019intelligence ce n&rsquo;est pas ce que l\u2019on sait, mais ce que l\u2019on fait quand on ne sait pas.&nbsp;\u00bb &nbsp; &nbsp; &nbsp; &nbsp; &nbsp; &nbsp; &nbsp; &nbsp; &nbsp; &nbsp; &nbsp; &nbsp; &nbsp; &nbsp; &nbsp; &nbsp; &nbsp; &nbsp; &nbsp; &nbsp; &nbsp; &nbsp; &nbsp; &nbsp; &nbsp; &nbsp; &nbsp; &nbsp; &nbsp; &nbsp; &nbsp; &nbsp; &nbsp; &nbsp; &nbsp; [&hellip;]\" \/>\n<meta property=\"og:url\" content=\"https:\/\/psychomotive.be\/WP\/qui-sommes-nous\/eliane-desmidt\/\" \/>\n<meta property=\"og:site_name\" content=\"Psychomotive\" \/>\n<meta property=\"article:publisher\" content=\"https:\/\/www.facebook.com\/Psychomotive-1345472448800391\/\" \/>\n<meta property=\"article:modified_time\" content=\"2026-03-06T22:47:43+00:00\" \/>\n<meta property=\"og:image\" content=\"http:\/\/psychomotive.be\/WP\/wp-content\/uploads\/2020\/10\/Eliane-150x150.jpg\" \/>\n<meta name=\"twitter:card\" content=\"summary_large_image\" \/>\n<meta name=\"twitter:label1\" content=\"Dur\u00e9e de lecture estim\u00e9e\" \/>\n\t<meta name=\"twitter:data1\" content=\"11 minutes\" \/>\n<script type=\"application\/ld+json\" class=\"yoast-schema-graph\">{\"@context\":\"https:\/\/schema.org\",\"@graph\":[{\"@type\":\"WebSite\",\"@id\":\"https:\/\/psychomotive.be\/WP\/#website\",\"url\":\"https:\/\/psychomotive.be\/WP\/\",\"name\":\"Psychomotive\",\"description\":\"\",\"potentialAction\":[{\"@type\":\"SearchAction\",\"target\":{\"@type\":\"EntryPoint\",\"urlTemplate\":\"https:\/\/psychomotive.be\/WP\/?s={search_term_string}\"},\"query-input\":\"required name=search_term_string\"}],\"inLanguage\":\"fr-FR\"},{\"@type\":\"ImageObject\",\"@id\":\"https:\/\/psychomotive.be\/WP\/qui-sommes-nous\/eliane-desmidt\/#primaryimage\",\"inLanguage\":\"fr-FR\",\"url\":\"http:\/\/psychomotive.be\/WP\/wp-content\/uploads\/2020\/10\/Eliane-150x150.jpg\",\"contentUrl\":\"http:\/\/psychomotive.be\/WP\/wp-content\/uploads\/2020\/10\/Eliane-150x150.jpg\"},{\"@type\":\"WebPage\",\"@id\":\"https:\/\/psychomotive.be\/WP\/qui-sommes-nous\/eliane-desmidt\/#webpage\",\"url\":\"https:\/\/psychomotive.be\/WP\/qui-sommes-nous\/eliane-desmidt\/\",\"name\":\"Eliane Desmidt - Psychomotive\",\"isPartOf\":{\"@id\":\"https:\/\/psychomotive.be\/WP\/#website\"},\"primaryImageOfPage\":{\"@id\":\"https:\/\/psychomotive.be\/WP\/qui-sommes-nous\/eliane-desmidt\/#primaryimage\"},\"datePublished\":\"2020-10-03T17:30:02+00:00\",\"dateModified\":\"2026-03-06T22:47:43+00:00\",\"breadcrumb\":{\"@id\":\"https:\/\/psychomotive.be\/WP\/qui-sommes-nous\/eliane-desmidt\/#breadcrumb\"},\"inLanguage\":\"fr-FR\",\"potentialAction\":[{\"@type\":\"ReadAction\",\"target\":[\"https:\/\/psychomotive.be\/WP\/qui-sommes-nous\/eliane-desmidt\/\"]}]},{\"@type\":\"BreadcrumbList\",\"@id\":\"https:\/\/psychomotive.be\/WP\/qui-sommes-nous\/eliane-desmidt\/#breadcrumb\",\"itemListElement\":[{\"@type\":\"ListItem\",\"position\":1,\"name\":\"Accueil\",\"item\":\"https:\/\/psychomotive.be\/WP\/\"},{\"@type\":\"ListItem\",\"position\":2,\"name\":\"Qui sommes-nous ?\",\"item\":\"http:\/\/psychomotive.be\/WP\/qui-sommes-nous\/\"},{\"@type\":\"ListItem\",\"position\":3,\"name\":\"Eliane Desmidt\"}]}]}<\/script>\n<!-- \/ Yoast SEO plugin. -->","yoast_head_json":{"title":"Eliane Desmidt - Psychomotive","robots":{"index":"index","follow":"follow","max-snippet":"max-snippet:-1","max-image-preview":"max-image-preview:large","max-video-preview":"max-video-preview:-1"},"canonical":"https:\/\/psychomotive.be\/WP\/qui-sommes-nous\/eliane-desmidt\/","og_locale":"fr_FR","og_type":"article","og_title":"Eliane Desmidt - Psychomotive","og_description":"Eliane Desmidt \u00ab&nbsp;L\u2019intelligence ce n&rsquo;est pas ce que l\u2019on sait, mais ce que l\u2019on fait quand on ne sait pas.&nbsp;\u00bb &nbsp; &nbsp; &nbsp; &nbsp; &nbsp; &nbsp; &nbsp; &nbsp; &nbsp; &nbsp; &nbsp; &nbsp; &nbsp; &nbsp; &nbsp; &nbsp; &nbsp; &nbsp; &nbsp; &nbsp; &nbsp; &nbsp; &nbsp; &nbsp; &nbsp; &nbsp; &nbsp; &nbsp; &nbsp; &nbsp; &nbsp; &nbsp; &nbsp; &nbsp; &nbsp; [&hellip;]","og_url":"https:\/\/psychomotive.be\/WP\/qui-sommes-nous\/eliane-desmidt\/","og_site_name":"Psychomotive","article_publisher":"https:\/\/www.facebook.com\/Psychomotive-1345472448800391\/","article_modified_time":"2026-03-06T22:47:43+00:00","og_image":[{"url":"http:\/\/psychomotive.be\/WP\/wp-content\/uploads\/2020\/10\/Eliane-150x150.jpg"}],"twitter_card":"summary_large_image","twitter_misc":{"Dur\u00e9e de lecture estim\u00e9e":"11 minutes"},"schema":{"@context":"https:\/\/schema.org","@graph":[{"@type":"WebSite","@id":"https:\/\/psychomotive.be\/WP\/#website","url":"https:\/\/psychomotive.be\/WP\/","name":"Psychomotive","description":"","potentialAction":[{"@type":"SearchAction","target":{"@type":"EntryPoint","urlTemplate":"https:\/\/psychomotive.be\/WP\/?s={search_term_string}"},"query-input":"required name=search_term_string"}],"inLanguage":"fr-FR"},{"@type":"ImageObject","@id":"https:\/\/psychomotive.be\/WP\/qui-sommes-nous\/eliane-desmidt\/#primaryimage","inLanguage":"fr-FR","url":"http:\/\/psychomotive.be\/WP\/wp-content\/uploads\/2020\/10\/Eliane-150x150.jpg","contentUrl":"http:\/\/psychomotive.be\/WP\/wp-content\/uploads\/2020\/10\/Eliane-150x150.jpg"},{"@type":"WebPage","@id":"https:\/\/psychomotive.be\/WP\/qui-sommes-nous\/eliane-desmidt\/#webpage","url":"https:\/\/psychomotive.be\/WP\/qui-sommes-nous\/eliane-desmidt\/","name":"Eliane Desmidt - Psychomotive","isPartOf":{"@id":"https:\/\/psychomotive.be\/WP\/#website"},"primaryImageOfPage":{"@id":"https:\/\/psychomotive.be\/WP\/qui-sommes-nous\/eliane-desmidt\/#primaryimage"},"datePublished":"2020-10-03T17:30:02+00:00","dateModified":"2026-03-06T22:47:43+00:00","breadcrumb":{"@id":"https:\/\/psychomotive.be\/WP\/qui-sommes-nous\/eliane-desmidt\/#breadcrumb"},"inLanguage":"fr-FR","potentialAction":[{"@type":"ReadAction","target":["https:\/\/psychomotive.be\/WP\/qui-sommes-nous\/eliane-desmidt\/"]}]},{"@type":"BreadcrumbList","@id":"https:\/\/psychomotive.be\/WP\/qui-sommes-nous\/eliane-desmidt\/#breadcrumb","itemListElement":[{"@type":"ListItem","position":1,"name":"Accueil","item":"https:\/\/psychomotive.be\/WP\/"},{"@type":"ListItem","position":2,"name":"Qui sommes-nous ?","item":"http:\/\/psychomotive.be\/WP\/qui-sommes-nous\/"},{"@type":"ListItem","position":3,"name":"Eliane Desmidt"}]}]}},"_links":{"self":[{"href":"https:\/\/psychomotive.be\/WP\/wp-json\/wp\/v2\/pages\/253","targetHints":{"allow":["GET"]}}],"collection":[{"href":"https:\/\/psychomotive.be\/WP\/wp-json\/wp\/v2\/pages"}],"about":[{"href":"https:\/\/psychomotive.be\/WP\/wp-json\/wp\/v2\/types\/page"}],"author":[{"embeddable":true,"href":"https:\/\/psychomotive.be\/WP\/wp-json\/wp\/v2\/users\/1"}],"replies":[{"embeddable":true,"href":"https:\/\/psychomotive.be\/WP\/wp-json\/wp\/v2\/comments?post=253"}],"version-history":[{"count":659,"href":"https:\/\/psychomotive.be\/WP\/wp-json\/wp\/v2\/pages\/253\/revisions"}],"predecessor-version":[{"id":1743,"href":"https:\/\/psychomotive.be\/WP\/wp-json\/wp\/v2\/pages\/253\/revisions\/1743"}],"up":[{"embeddable":true,"href":"https:\/\/psychomotive.be\/WP\/wp-json\/wp\/v2\/pages\/86"}],"wp:attachment":[{"href":"https:\/\/psychomotive.be\/WP\/wp-json\/wp\/v2\/media?parent=253"}],"curies":[{"name":"wp","href":"https:\/\/api.w.org\/{rel}","templated":true}]}}